{"id":10359,"date":"2023-12-06T14:04:47","date_gmt":"2023-12-06T12:04:47","guid":{"rendered":"https:\/\/skaut.ee\/events\/vaikesaar-23-25-08-2024\/"},"modified":"2024-08-19T12:02:35","modified_gmt":"2024-08-19T09:02:35","slug":"vaikesaar-23-25-08-2024","status":"publish","type":"events","link":"https:\/\/skaut.ee\/en\/events\/vaikesaar-23-25-08-2024\/","title":{"rendered":"V\u00e4ikesaar 23.-25.08.2024"},"content":{"rendered":"\n<p>ES\u00dc juhtidele ja vabatahtlikele m\u00f5eldud\u00a0<strong>V\u00e4ikesaar<\/strong>\u00a0toimub sel aastal\u00a0<strong>Abrukal<\/strong>. <br>Broneeri kuup\u00e4evad\u00a0<strong>23.-25.08<\/strong>.<strong>2024<\/strong>\u00a0ja pane valmis ennast m\u00f5nusaks puhkuseks.<\/p>\n\n\n\n<p><strong>OSALEJAD\/SIHTGRUPP:<\/strong>&nbsp;\u00dcritus on m\u00f5eldud ES\u00dc t\u00e4isealistele juhtidele ja vabatahtlikele.&nbsp;<\/p>\n\n\n\n<p><strong>TEGEVUS\/EESM\u00c4RK:<\/strong>\u00a0\u201cV\u00e4ikesaar\u201d on koht, kus saab puhata, teiste omasugustega lobiseda, avastada maailma ja \u00fcle\u00fcldse m\u00f5nusalt aega veeta. Korraldajate poolt on tagatud majutus, toitlustus, programm ja hea tuju. \u00dcritus algab 23.08.2024 \u00f5hupoolikul Saaremaa l\u00f5una osas asuvast Roomassaare sadamast, kust liigume \u00fcheskoos Abrukale. Arvestades, et korraga mahub paadile 11 inimest, siis t\u00f5en\u00e4oliselt peame saarele kahe satsina liikuma. <\/p>\n\n\n\n<figure class=\"wp-block-image size-full is-resized\"><img loading=\"lazy\" decoding=\"async\" width=\"643\" height=\"312\" src=\"https:\/\/skaut.ee\/wp-content\/uploads\/2024\/04\/Abruka-kaart.jpg\" alt=\"\" class=\"wp-image-11369\" style=\"width:429px;height:auto\" srcset=\"https:\/\/skaut.ee\/wp-content\/uploads\/2024\/04\/Abruka-kaart.jpg 643w, https:\/\/skaut.ee\/wp-content\/uploads\/2024\/04\/Abruka-kaart-256x124.jpg 256w, https:\/\/skaut.ee\/wp-content\/uploads\/2024\/04\/Abruka-kaart-260x126.jpg 260w, https:\/\/skaut.ee\/wp-content\/uploads\/2024\/04\/Abruka-kaart-173x84.jpg 173w, https:\/\/skaut.ee\/wp-content\/uploads\/2024\/04\/Abruka-kaart-124x60.jpg 124w, https:\/\/skaut.ee\/wp-content\/uploads\/2024\/04\/Abruka-kaart-100x49.jpg 100w, https:\/\/skaut.ee\/wp-content\/uploads\/2024\/04\/Abruka-kaart-30x15.jpg 30w\" sizes=\"auto, (max-width: 643px) 100vw, 643px\" \/><\/figure>\n\n\n\n<p>Saarel teeme autoga tiiru, mille k\u00e4igus tutvume kohaliku saarevahi abiga saare erip\u00e4rase ajalooga ning \u00fchtlasi saame teha ka k\u00f5rval asuvale asustamata Vahase saarele ca 400 meetri pikkuse jalgsimatka l\u00e4bi mere.<br>Nagu traditsiooniks saanud, naudime laup\u00e4eva \u00f5htul grilli, sauna ja t\u00fcnnisauna. P\u00fchap\u00e4eval ennel\u00f5unat hakkame suunduma tagasi mandrile.<\/p>\n\n\n\n<p>K\u00f5ik mineku-tuleku kellaajad t\u00e4psustuvad m\u00f5ned n\u00e4dalad enne s\u00fcndmuse toimumist.<\/p>\n\n\n\n<p><strong>VAJALIK VARUSTUS:<\/strong>&nbsp;Kindlasti on vaja kaasa v\u00f5tta s\u00f6\u00f6gin\u00f5ud, ilmale vastav riietus, isiklikud h\u00fcgieenitarbed ning hea tuju.<\/p>\n\n\n\n<p><strong>\u00d6\u00d6BIMINE:<\/strong>&nbsp;\u00d6\u00f6bimine on korraldatud tubastes tingimustes ja k\u00f5ik vajalik on magamiseks olemas (madrats, tekid-padjad ja voodipesu). Soovi korral on v\u00f5imalik ka telkida, kuid siis tuleks k\u00f5ik selleks vajalik endal kaasa v\u00f5tta.&nbsp;<\/p>\n\n\n\n<p><strong>TRANSPORT:<\/strong>&nbsp;\u00dcritus algab<strong> Roomassaare sadamast<\/strong>, kust s\u00f5idame \u00fcheskoos vees\u00f5idukiga <strong>Abrukale<\/strong>. <strong>Kellaajad t\u00e4psustame m\u00f5ned n\u00e4dalad enne \u00fcritust.<\/strong><\/p>\n\n\n\n<p><strong>REGISTREERUMINE: <\/strong>\u00dcritusele registreerimine kestab 02.04.-17.08.2024 v\u00f5i kuni kohti j\u00e4tkub.<\/p>\n\n\n\n<p><strong>NB!<\/strong>&nbsp;\u00dcritusele registreerumisega n\u00f5ustutakse osalemisega \u00fcritusel ning \u00fcritustel tehtavate piltide ning videomaterjali avaldamisega skautluse tutvustamisel v\u00f5i teistel turunduslikel eesm\u00e4rkidel.&nbsp;<\/p>\n\n\n\n<p><strong>OSAV\u00d5TUTASU:&nbsp;<\/strong><\/p>\n\n\n\n<p>Aktiivse* ES\u00dc liikme&nbsp;<strong>osalustasu \u00fcritusele on 30\u20ac<\/strong>&nbsp;inimese kohta.<\/p>\n\n\n\n<p>*Aktiivne liige on liige, kes on esitanud liikmeankeedi ning tasunud (v\u00f5i saanud vabastuse) k\u00e4imasoleva kalendriaasta liikmemaksu.&nbsp;&nbsp;&nbsp;&nbsp;&nbsp;<\/p>\n\n\n\n<p>V\u00e4ikesaare osav\u00f5tutasu sisaldab toitlustust, majutust, transporti saarele ja \u00fcrituse programmi. Osav\u00f5tutasu palume kanda&nbsp;<strong>Eesti Skautide \u00dchingu&nbsp;arvele&nbsp;EE687700771000674448 (LHV pank)<\/strong>, m\u00e4rkides selgituse lahtrisse \u201e<strong>V\u00e4ikesaar \/ Osalejate nimed<\/strong>\u201c, kelle eest \u00fclekanne tehakse.&nbsp;<\/p>\n\n\n\n<p><strong>NB!<\/strong>&nbsp;Osav\u00f5tutasu kuulub tagastamisele ainult kuni registreerimise t\u00e4htaja l\u00f5puni. Selleks tuleb saata vastavasisuline e-kirja vormis avaldus ES\u00dc finantsjuhile finants@skaut.ee.&nbsp;&nbsp;<\/p>\n\n\n\n<p><strong>NB!<\/strong>&nbsp;Osav\u00f5tutasu \u00fclekandmisega n\u00f5ustutakse (noore) osalemisega \u00fcritusel, sh \u00fcritusel tehtava foto- ja videomaterjali kasutamisega ES\u00dc teavitustegevustes.<\/p>\n\n\n\n<p><strong>PS!&nbsp;<\/strong>ES\u00dc seisukoht on, et mitte kellelgi ei tohiks j\u00e4\u00e4da \u00fchelgi \u00fcritusel osalemata majanduslikel p\u00f5hjustel. Seega, kui noor soovib \u00fcritusel osaleda, aga hetkel see majanduslikult v\u00f5imalik ei ole, siis anna sellest m\u00e4rku finantsjuhile \u2013 finants@skaut.ee jaleiame \u00fcheskoos lahenduse.&nbsp;&nbsp;<\/p>\n\n\n\n<p><strong>LISAINFO:\u00a0<\/strong>V\u00e4ikesaare korraldaja Janne Rechlin \u2013 personal@skaut.ee, adminkoordinaator Monika Ojala &#8211; monika@skaut.ee.<\/p>\n\n\n\n<p><strong>RAHASTAJAD JA TOETAJAD:<\/strong>\u00a0Haridus- ja Teadusministeerium.<\/p>\n","protected":false},"author":8,"featured_media":0,"template":"","meta":{"_acf_changed":true,"inline_featured_image":false,"_monsterinsights_skip_tracking":false,"_monsterinsights_sitenote_active":false,"_monsterinsights_sitenote_note":"","_monsterinsights_sitenote_category":0,"cybocfi_hide_featured_image":"","_links_to":"","_links_to_target":""},"event-category":[238],"class_list":["post-10359","events","type-events","status-publish","hentry","event-category-esu-uritused-en"],"acf":[],"yoast_head":"<!-- This site is optimized with the Yoast SEO plugin v27.0 - https:\/\/yoast.com\/product\/yoast-seo-wordpress\/ -->\n<title>V\u00e4ikesaar 23.-25.08.2024 - Skaut<\/title>\n<meta name=\"robots\" content=\"index, follow, max-snippet:-1, max-image-preview:large, max-video-preview:-1\" \/>\n<link rel=\"canonical\" href=\"https:\/\/skaut.ee\/en\/events\/vaikesaar-23-25-08-2024\/\" \/>\n<meta property=\"og:locale\" content=\"en_US\" \/>\n<meta property=\"og:type\" content=\"article\" \/>\n<meta property=\"og:title\" content=\"V\u00e4ikesaar 23.-25.08.2024 - Skaut\" \/>\n<meta property=\"og:description\" content=\"ES\u00dc juhtidele ja vabatahtlikele m\u00f5eldud\u00a0V\u00e4ikesaar\u00a0toimub sel aastal\u00a0Abrukal. Broneeri kuup\u00e4evad\u00a023.-25.08.2024\u00a0ja pane valmis ennast m\u00f5nusaks puhkuseks. OSALEJAD\/SIHTGRUPP:&nbsp;\u00dcritus on m\u00f5eldud ES\u00dc t\u00e4isealistele juhtidele...\" \/>\n<meta property=\"og:url\" content=\"https:\/\/skaut.ee\/en\/events\/vaikesaar-23-25-08-2024\/\" \/>\n<meta property=\"og:site_name\" content=\"Skaut\" \/>\n<meta property=\"article:modified_time\" content=\"2024-08-19T09:02:35+00:00\" \/>\n<meta property=\"og:image\" content=\"https:\/\/skaut.ee\/wp-content\/uploads\/2024\/04\/Abruka-kaart.jpg\" \/>\n<meta name=\"twitter:card\" content=\"summary_large_image\" \/>\n<meta name=\"twitter:label1\" content=\"Est. reading time\" \/>\n\t<meta name=\"twitter:data1\" content=\"3 minutes\" \/>\n<script type=\"application\/ld+json\" class=\"yoast-schema-graph\">{\"@context\":\"https:\/\/schema.org\",\"@graph\":[{\"@type\":\"WebPage\",\"@id\":\"https:\/\/skaut.ee\/en\/events\/vaikesaar-23-25-08-2024\/\",\"url\":\"https:\/\/skaut.ee\/en\/events\/vaikesaar-23-25-08-2024\/\",\"name\":\"V\u00e4ikesaar 23.-25.08.2024 - Skaut\",\"isPartOf\":{\"@id\":\"https:\/\/skaut.ee\/#website\"},\"primaryImageOfPage\":{\"@id\":\"https:\/\/skaut.ee\/en\/events\/vaikesaar-23-25-08-2024\/#primaryimage\"},\"image\":{\"@id\":\"https:\/\/skaut.ee\/en\/events\/vaikesaar-23-25-08-2024\/#primaryimage\"},\"thumbnailUrl\":\"https:\/\/skaut.ee\/wp-content\/uploads\/2024\/04\/Abruka-kaart.jpg\",\"datePublished\":\"2023-12-06T12:04:47+00:00\",\"dateModified\":\"2024-08-19T09:02:35+00:00\",\"breadcrumb\":{\"@id\":\"https:\/\/skaut.ee\/en\/events\/vaikesaar-23-25-08-2024\/#breadcrumb\"},\"inLanguage\":\"en-US\",\"potentialAction\":[{\"@type\":\"ReadAction\",\"target\":[\"https:\/\/skaut.ee\/en\/events\/vaikesaar-23-25-08-2024\/\"]}]},{\"@type\":\"ImageObject\",\"inLanguage\":\"en-US\",\"@id\":\"https:\/\/skaut.ee\/en\/events\/vaikesaar-23-25-08-2024\/#primaryimage\",\"url\":\"https:\/\/skaut.ee\/wp-content\/uploads\/2024\/04\/Abruka-kaart.jpg\",\"contentUrl\":\"https:\/\/skaut.ee\/wp-content\/uploads\/2024\/04\/Abruka-kaart.jpg\"},{\"@type\":\"BreadcrumbList\",\"@id\":\"https:\/\/skaut.ee\/en\/events\/vaikesaar-23-25-08-2024\/#breadcrumb\",\"itemListElement\":[{\"@type\":\"ListItem\",\"position\":1,\"name\":\"Home\",\"item\":\"https:\/\/skaut.ee\/en\/\"},{\"@type\":\"ListItem\",\"position\":2,\"name\":\"\u00dcritused\",\"item\":\"https:\/\/skaut.ee\/uritused\/\"},{\"@type\":\"ListItem\",\"position\":3,\"name\":\"V\u00e4ikesaar 23.-25.08.2024\"}]},{\"@type\":\"WebSite\",\"@id\":\"https:\/\/skaut.ee\/#website\",\"url\":\"https:\/\/skaut.ee\/\",\"name\":\"Skaut\",\"description\":\"Eesti Skautide \u00dchingu koduleht\",\"potentialAction\":[{\"@type\":\"SearchAction\",\"target\":{\"@type\":\"EntryPoint\",\"urlTemplate\":\"https:\/\/skaut.ee\/?s={search_term_string}\"},\"query-input\":{\"@type\":\"PropertyValueSpecification\",\"valueRequired\":true,\"valueName\":\"search_term_string\"}}],\"inLanguage\":\"en-US\"}]}<\/script>\n<!-- \/ Yoast SEO plugin. -->","yoast_head_json":{"title":"V\u00e4ikesaar 23.-25.08.2024 - Skaut","robots":{"index":"index","follow":"follow","max-snippet":"max-snippet:-1","max-image-preview":"max-image-preview:large","max-video-preview":"max-video-preview:-1"},"canonical":"https:\/\/skaut.ee\/en\/events\/vaikesaar-23-25-08-2024\/","og_locale":"en_US","og_type":"article","og_title":"V\u00e4ikesaar 23.-25.08.2024 - Skaut","og_description":"ES\u00dc juhtidele ja vabatahtlikele m\u00f5eldud\u00a0V\u00e4ikesaar\u00a0toimub sel aastal\u00a0Abrukal. Broneeri kuup\u00e4evad\u00a023.-25.08.2024\u00a0ja pane valmis ennast m\u00f5nusaks puhkuseks. OSALEJAD\/SIHTGRUPP:&nbsp;\u00dcritus on m\u00f5eldud ES\u00dc t\u00e4isealistele juhtidele...","og_url":"https:\/\/skaut.ee\/en\/events\/vaikesaar-23-25-08-2024\/","og_site_name":"Skaut","article_modified_time":"2024-08-19T09:02:35+00:00","og_image":[{"url":"https:\/\/skaut.ee\/wp-content\/uploads\/2024\/04\/Abruka-kaart.jpg","type":"","width":"","height":""}],"twitter_card":"summary_large_image","twitter_misc":{"Est. reading time":"3 minutes"},"schema":{"@context":"https:\/\/schema.org","@graph":[{"@type":"WebPage","@id":"https:\/\/skaut.ee\/en\/events\/vaikesaar-23-25-08-2024\/","url":"https:\/\/skaut.ee\/en\/events\/vaikesaar-23-25-08-2024\/","name":"V\u00e4ikesaar 23.-25.08.2024 - Skaut","isPartOf":{"@id":"https:\/\/skaut.ee\/#website"},"primaryImageOfPage":{"@id":"https:\/\/skaut.ee\/en\/events\/vaikesaar-23-25-08-2024\/#primaryimage"},"image":{"@id":"https:\/\/skaut.ee\/en\/events\/vaikesaar-23-25-08-2024\/#primaryimage"},"thumbnailUrl":"https:\/\/skaut.ee\/wp-content\/uploads\/2024\/04\/Abruka-kaart.jpg","datePublished":"2023-12-06T12:04:47+00:00","dateModified":"2024-08-19T09:02:35+00:00","breadcrumb":{"@id":"https:\/\/skaut.ee\/en\/events\/vaikesaar-23-25-08-2024\/#breadcrumb"},"inLanguage":"en-US","potentialAction":[{"@type":"ReadAction","target":["https:\/\/skaut.ee\/en\/events\/vaikesaar-23-25-08-2024\/"]}]},{"@type":"ImageObject","inLanguage":"en-US","@id":"https:\/\/skaut.ee\/en\/events\/vaikesaar-23-25-08-2024\/#primaryimage","url":"https:\/\/skaut.ee\/wp-content\/uploads\/2024\/04\/Abruka-kaart.jpg","contentUrl":"https:\/\/skaut.ee\/wp-content\/uploads\/2024\/04\/Abruka-kaart.jpg"},{"@type":"BreadcrumbList","@id":"https:\/\/skaut.ee\/en\/events\/vaikesaar-23-25-08-2024\/#breadcrumb","itemListElement":[{"@type":"ListItem","position":1,"name":"Home","item":"https:\/\/skaut.ee\/en\/"},{"@type":"ListItem","position":2,"name":"\u00dcritused","item":"https:\/\/skaut.ee\/uritused\/"},{"@type":"ListItem","position":3,"name":"V\u00e4ikesaar 23.-25.08.2024"}]},{"@type":"WebSite","@id":"https:\/\/skaut.ee\/#website","url":"https:\/\/skaut.ee\/","name":"Skaut","description":"Eesti Skautide \u00dchingu koduleht","potentialAction":[{"@type":"SearchAction","target":{"@type":"EntryPoint","urlTemplate":"https:\/\/skaut.ee\/?s={search_term_string}"},"query-input":{"@type":"PropertyValueSpecification","valueRequired":true,"valueName":"search_term_string"}}],"inLanguage":"en-US"}]}},"_links":{"self":[{"href":"https:\/\/skaut.ee\/en\/wp-json\/wp\/v2\/events\/10359","targetHints":{"allow":["GET"]}}],"collection":[{"href":"https:\/\/skaut.ee\/en\/wp-json\/wp\/v2\/events"}],"about":[{"href":"https:\/\/skaut.ee\/en\/wp-json\/wp\/v2\/types\/events"}],"author":[{"embeddable":true,"href":"https:\/\/skaut.ee\/en\/wp-json\/wp\/v2\/users\/8"}],"wp:attachment":[{"href":"https:\/\/skaut.ee\/en\/wp-json\/wp\/v2\/media?parent=10359"}],"wp:term":[{"taxonomy":"event-category","embeddable":true,"href":"https:\/\/skaut.ee\/en\/wp-json\/wp\/v2\/event-category?post=10359"}],"curies":[{"name":"wp","href":"https:\/\/api.w.org\/{rel}","templated":true}]}}