{"id":10348,"date":"2024-08-14T19:00:48","date_gmt":"2024-08-14T16:00:48","guid":{"rendered":"https:\/\/skaut.ee\/events\/esu-noupaevad-tanuohtu-14-15-09-2024\/"},"modified":"2024-09-08T14:14:41","modified_gmt":"2024-09-08T11:14:41","slug":"esu-noupaevad-tanuohtu-14-15-09-2024","status":"publish","type":"events","link":"https:\/\/skaut.ee\/en\/events\/esu-noupaevad-tanuohtu-14-15-09-2024\/","title":{"rendered":"ES\u00dc N\u00f5up\u00e4evad 14.-15.09.2024 &#038; T\u00e4nu\u00f5htu 14.09.2024"},"content":{"rendered":"\n<p class=\"has-text-align-center\"><strong>N\u00f5up\u00e4evad 2024<\/strong><\/p>\n\n\n\n<p><\/p>\n\n\n\n<p><strong>TOIMUMISE AEG:<\/strong>\u00a0N\u00f5up\u00e4evadega tahame alustada laup\u00e4eval,\u00a0<strong>14. septembril, kell 11.00,<\/strong>\u00a0et saaksime kohvitassid t\u00e4ita. Orienteeruv l\u00f5pp p\u00fchap\u00e4eval, 15. septembri, l\u00f5unal.<\/p>\n\n\n\n<p><strong>SIHTGRUPP:&nbsp;<\/strong>N\u00f5up\u00e4evadele on oodatud ES\u00dc aktiivsed* liikmed alates&nbsp;<strong>vanusest 16+<\/strong>, skaudijuhid, skaudis\u00f5brad.<\/p>\n\n\n\n<p>*Aktiivne liige on liige, kes on esitanud liikmeankeedi ning tasunud (v\u00f5i saanud vabastuse) k\u00e4imasoleva kalendriaasta liikmemaksu.<\/p>\n\n\n\n<p><strong>SISU:<\/strong><\/p>\n\n\n\n<p>Teemasid mida tahame arutada ja mida saate ka endale juba m\u00f5ttes valmis seada on mitmeid:<\/p>\n\n\n\n<ul class=\"wp-block-list\">\n<li>ES\u00dc erijuhendid \u2013 arutleme \u00fcheskoos juhendite asjakohasusi ning t\u00f6\u00f6tame v\u00e4lja sisendeid muudatustele<\/li>\n\n\n\n<li>Tatsajad \u2013 arutleme kuidas l\u00e4heneda 3-5 aastaste korraldajate ja skaudijuhtide laste lisamisse ES\u00dc liikmeks. Kas muuta p\u00f5hikirja?<\/li>\n\n\n\n<li>Rahastus \u2013 Haridus- ja Teadusministeeriumi rahastuse taotluse sisendi korjamine<\/li>\n\n\n\n<li>ES\u00dc \u2013 sisendkorje ES\u00dc arenguh\u00fcppe programmile<\/li>\n\n\n\n<li>Muu \u2013 Tagametsa keskkonna\u00f5ppe projekt, Balti jamboree, Maailmajamboree, Moot 2025, ES\u00dc 30<\/li>\n<\/ul>\n\n\n\n<p>Kindlasti on p\u00e4eva peale jagatud ka erinevaid infominuteid ja v\u00e4iksemaid teemasid.<\/p>\n\n\n\n<p>\u00d5htul j\u00e4tkame aga juba t\u00e4nades ja suheldes T\u00e4nu\u00f5htul.<\/p>\n\n\n\n<p>P\u00fchap\u00e4eva hommikul j\u00e4tkame arutelusid ja sooviks l\u00f5petada l\u00f5unaks, et kodutee ei oleks liiga hiline.<\/p>\n\n\n\n<p>T\u00e4psem ajakava on selgumisel ja anname sellest teada.<\/p>\n\n\n\n<p><strong>ASUKOHT:<\/strong> Klaara-Manni puhkekeskus, Randiv\u00e4lja, Tori, 86814 P\u00e4rnu maakond<\/p>\n\n\n\n<p><strong>TOITLUSTUS:<\/strong>&nbsp;Toitlustus toimub \u00fcritusel kohapeal.<\/p>\n\n\n\n<p><strong>\u00d6\u00d6BIMINE:&nbsp;<\/strong>\u00d6\u00f6bimine Klaara-Manni Puhke-ja Seminarikeskuses.<\/p>\n\n\n\n<p><strong>TRANSPORT:&nbsp;<\/strong>\u00dcritusel osalemise transpordikulusid ES\u00dc ei h\u00fcvita. Kaugemalt tulijatel soovitatav koopereeruda.<\/p>\n\n\n\n<p><strong>REGISTREERIMINE:<\/strong>&nbsp;N\u00f5up\u00e4evadele registreerumine on avatud 14. augustist ja kestab&nbsp;8. septembrini.<\/p>\n\n\n\n<p><strong>NB!<\/strong>&nbsp;\u00dcritusele registreerumisega n\u00f5ustutakse osalemisega \u00fcritusel ning \u00fcritustel tehtavate piltide ning videomaterjali avaldamisega skautluse tutvustamisel v\u00f5i teistel turunduslikel eesm\u00e4rkidel.&nbsp;<\/p>\n\n\n\n<p><strong>OSAV\u00d5TUTASU:<\/strong>&nbsp;\u00dcritus on tasuta.<\/p>\n\n\n\n<p><strong>LISAINFO:<\/strong>&nbsp;ES\u00dc juhatuse esimees Ragnar \u2013 <a href=\"mailto:skaut@skaut.ee\">skaut@skaut.ee<\/a><\/p>\n\n\n\n<p><strong>RAHASTAJAD JA TOETAJAD:<\/strong> Haridus- ja Teadusministeerium<\/p>\n\n\n\n<hr class=\"wp-block-separator has-alpha-channel-opacity\"\/>\n\n\n\n<p class=\"has-text-align-center\"><strong>T\u00e4nu\u00f5htu 2024<\/strong><\/p>\n\n\n\n<p><\/p>\n\n\n\n<p class=\"has-text-align-center\"><strong>Uskuda v\u00f5ib, et paljud teavad v\u00f5i on kuulnud selliseid hitte nagu &#8221;Bella Ciao&#8221;, &#8221;Tu Vu\u00f2 Fa&#8217; L&#8217;Americano&#8221;, &#8221;Quando, Quando, Quando&#8221; v\u00f5i &#8221;L&#8217;italiano&#8221;? Jah, just need samad lood &#8221;saadavad&#8221; meid selleaastasel T\u00e4nu\u00f5htul &#8211; sel korral &#8221;reisime&#8221; Itaaliasse! 14. septembril koguneme l\u00f5unamaisemas meeleolus P\u00e4rnumaal asuvas Klaara-Manni puhkemajas, kus t\u00e4histame T\u00e4nu\u00f5htut!<\/strong><\/p>\n\n\n\n<p>Traditsiooniline ES\u00dc tunnustuss\u00fcndmus ehk <strong>T\u00e4nu\u00f5htu<\/strong> toimub <strong>14. septembril Klaara-Manni klaaspaviljonis<\/strong>. Anname hea toidu ja joogi, m\u00f5nusa seltskonna ning&nbsp;muusika&nbsp;saatel \u00fcle eelmise aasta edutused ja teenetem\u00e4rgid k\u00f5igile tublidele skaudijutidele, vabatahtlikele ja koost\u00f6\u00f6partneritele.<\/p>\n\n\n\n<p><strong>TOIMUMISE AEG: <\/strong>Uksed avatakse kell 19.00, avas\u00f5nad kell 19.15. \u00dcrituse orienteeruv l\u00f5pp kell 23.00.<\/p>\n\n\n\n<p><strong>SIHTGRUPP: <\/strong>T\u00e4nu\u00f5htule on oodatud ES\u00dc aktiivsed* liikmed alates vanusest 16+, skaudijuhid, skaudis\u00f5brad, koost\u00f6\u00f6partnerid ja vabatahtlikud.<\/p>\n\n\n\n<p>*Aktiivne liige on liige, kes on esitanud liikmeankeedi ning tasunud (v\u00f5i saanud vabastuse) k\u00e4imasoleva kalendriaasta liikmemaksu.<\/p>\n\n\n\n<p><strong>ASUKOHT:<\/strong> Randiv\u00e4lja, Tori, 86814 P\u00e4rnu maakond<\/p>\n\n\n\n<p><strong>RIIETUS:<\/strong> ES\u00dc vorm v\u00f5i l\u00f5unamaiselt Itaalialik&nbsp;<em>outfit<\/em><\/p>\n\n\n\n<p><strong>TOITLUSTUS:<\/strong> Toitlustus toimub \u00fcritusel kohapeal<\/p>\n\n\n\n<p><strong>\u00d6\u00d6BIMINE:<\/strong> \u00d6\u00f6bimine Klaara-Manni puhkekeskuses kohapeal<\/p>\n\n\n\n<p><strong>TRANSPORT:<\/strong> \u00dcritusel osalemise transpordikulusid ES\u00dc ei h\u00fcvita. Kaugemalt tulijatel soovitatav koopereeruda.<\/p>\n\n\n\n<p><strong>REGISTREERIMINE:<\/strong> T\u00e4nu\u00f5htule registreerumine on avatud 14. augustist ja kestab 8. septembrini.<\/p>\n\n\n\n<p><strong>NB!<\/strong> \u00dcritusele registreerumisega n\u00f5ustutakse osalemisega \u00fcritusel ning \u00fcritustel tehtavate piltide ning videomaterjali avaldamisega skautluse tutvustamisel v\u00f5i teistel turunduslikel eesm\u00e4rkidel.<\/p>\n\n\n\n<p><strong>OSAV\u00d5TUTASU:<\/strong> \u00dcritus on tasuta.<\/p>\n\n\n\n<p><strong>LISAINFO:<\/strong> \u00dcrituse peakorraldaja Janne \u2013 <a href=\"mailto:personal@skaut.ee\">personal@skaut.ee<\/a>.<\/p>\n\n\n\n<p><strong>RAHASTAJAD JA TOETAJAD:<\/strong>&nbsp;Haridus- ja Teadusministeerium<\/p>\n","protected":false},"author":18,"featured_media":7855,"template":"","meta":{"_acf_changed":true,"inline_featured_image":false,"_monsterinsights_skip_tracking":false,"_monsterinsights_sitenote_active":false,"_monsterinsights_sitenote_note":"","_monsterinsights_sitenote_category":0,"cybocfi_hide_featured_image":"","_links_to":"","_links_to_target":""},"event-category":[238],"class_list":["post-10348","events","type-events","status-publish","has-post-thumbnail","hentry","event-category-esu-uritused-en"],"acf":[],"yoast_head":"<!-- This site is optimized with the Yoast SEO plugin v27.0 - https:\/\/yoast.com\/product\/yoast-seo-wordpress\/ -->\n<title>ES\u00dc N\u00f5up\u00e4evad 14.-15.09.2024 &amp; T\u00e4nu\u00f5htu 14.09.2024 - Skaut<\/title>\n<meta name=\"robots\" content=\"index, follow, max-snippet:-1, max-image-preview:large, max-video-preview:-1\" \/>\n<link rel=\"canonical\" href=\"https:\/\/skaut.ee\/en\/events\/esu-noupaevad-tanuohtu-14-15-09-2024\/\" \/>\n<meta property=\"og:locale\" content=\"en_US\" \/>\n<meta property=\"og:type\" content=\"article\" \/>\n<meta property=\"og:title\" content=\"ES\u00dc N\u00f5up\u00e4evad 14.-15.09.2024 &amp; T\u00e4nu\u00f5htu 14.09.2024 - Skaut\" \/>\n<meta property=\"og:description\" content=\"N\u00f5up\u00e4evad 2024 TOIMUMISE AEG:\u00a0N\u00f5up\u00e4evadega tahame alustada laup\u00e4eval,\u00a014. septembril, kell 11.00,\u00a0et saaksime kohvitassid t\u00e4ita. Orienteeruv l\u00f5pp p\u00fchap\u00e4eval, 15. septembri, l\u00f5unal. SIHTGRUPP:&nbsp;N\u00f5up\u00e4evadele...\" \/>\n<meta property=\"og:url\" content=\"https:\/\/skaut.ee\/en\/events\/esu-noupaevad-tanuohtu-14-15-09-2024\/\" \/>\n<meta property=\"og:site_name\" content=\"Skaut\" \/>\n<meta property=\"article:modified_time\" content=\"2024-09-08T11:14:41+00:00\" \/>\n<meta property=\"og:image\" content=\"https:\/\/skaut.ee\/wp-content\/uploads\/2022\/10\/Untitled-design-2-1-scaled.jpg\" \/>\n\t<meta property=\"og:image:width\" content=\"2560\" \/>\n\t<meta property=\"og:image:height\" content=\"1816\" \/>\n\t<meta property=\"og:image:type\" content=\"image\/jpeg\" \/>\n<meta name=\"twitter:card\" content=\"summary_large_image\" \/>\n<meta name=\"twitter:label1\" content=\"Est. reading time\" \/>\n\t<meta name=\"twitter:data1\" content=\"3 minutes\" \/>\n<script type=\"application\/ld+json\" class=\"yoast-schema-graph\">{\"@context\":\"https:\/\/schema.org\",\"@graph\":[{\"@type\":\"WebPage\",\"@id\":\"https:\/\/skaut.ee\/en\/events\/esu-noupaevad-tanuohtu-14-15-09-2024\/\",\"url\":\"https:\/\/skaut.ee\/en\/events\/esu-noupaevad-tanuohtu-14-15-09-2024\/\",\"name\":\"ES\u00dc N\u00f5up\u00e4evad 14.-15.09.2024 & T\u00e4nu\u00f5htu 14.09.2024 - Skaut\",\"isPartOf\":{\"@id\":\"https:\/\/skaut.ee\/#website\"},\"primaryImageOfPage\":{\"@id\":\"https:\/\/skaut.ee\/en\/events\/esu-noupaevad-tanuohtu-14-15-09-2024\/#primaryimage\"},\"image\":{\"@id\":\"https:\/\/skaut.ee\/en\/events\/esu-noupaevad-tanuohtu-14-15-09-2024\/#primaryimage\"},\"thumbnailUrl\":\"https:\/\/skaut.ee\/wp-content\/uploads\/2022\/10\/Untitled-design-2-1-scaled.jpg\",\"datePublished\":\"2024-08-14T16:00:48+00:00\",\"dateModified\":\"2024-09-08T11:14:41+00:00\",\"breadcrumb\":{\"@id\":\"https:\/\/skaut.ee\/en\/events\/esu-noupaevad-tanuohtu-14-15-09-2024\/#breadcrumb\"},\"inLanguage\":\"en-US\",\"potentialAction\":[{\"@type\":\"ReadAction\",\"target\":[\"https:\/\/skaut.ee\/en\/events\/esu-noupaevad-tanuohtu-14-15-09-2024\/\"]}]},{\"@type\":\"ImageObject\",\"inLanguage\":\"en-US\",\"@id\":\"https:\/\/skaut.ee\/en\/events\/esu-noupaevad-tanuohtu-14-15-09-2024\/#primaryimage\",\"url\":\"https:\/\/skaut.ee\/wp-content\/uploads\/2022\/10\/Untitled-design-2-1-scaled.jpg\",\"contentUrl\":\"https:\/\/skaut.ee\/wp-content\/uploads\/2022\/10\/Untitled-design-2-1-scaled.jpg\",\"width\":2560,\"height\":1816},{\"@type\":\"BreadcrumbList\",\"@id\":\"https:\/\/skaut.ee\/en\/events\/esu-noupaevad-tanuohtu-14-15-09-2024\/#breadcrumb\",\"itemListElement\":[{\"@type\":\"ListItem\",\"position\":1,\"name\":\"Home\",\"item\":\"https:\/\/skaut.ee\/en\/\"},{\"@type\":\"ListItem\",\"position\":2,\"name\":\"\u00dcritused\",\"item\":\"https:\/\/skaut.ee\/uritused\/\"},{\"@type\":\"ListItem\",\"position\":3,\"name\":\"ES\u00dc N\u00f5up\u00e4evad 14.-15.09.2024 &#038; T\u00e4nu\u00f5htu 14.09.2024\"}]},{\"@type\":\"WebSite\",\"@id\":\"https:\/\/skaut.ee\/#website\",\"url\":\"https:\/\/skaut.ee\/\",\"name\":\"Skaut\",\"description\":\"Eesti Skautide \u00dchingu koduleht\",\"potentialAction\":[{\"@type\":\"SearchAction\",\"target\":{\"@type\":\"EntryPoint\",\"urlTemplate\":\"https:\/\/skaut.ee\/?s={search_term_string}\"},\"query-input\":{\"@type\":\"PropertyValueSpecification\",\"valueRequired\":true,\"valueName\":\"search_term_string\"}}],\"inLanguage\":\"en-US\"}]}<\/script>\n<!-- \/ Yoast SEO plugin. -->","yoast_head_json":{"title":"ES\u00dc N\u00f5up\u00e4evad 14.-15.09.2024 & T\u00e4nu\u00f5htu 14.09.2024 - Skaut","robots":{"index":"index","follow":"follow","max-snippet":"max-snippet:-1","max-image-preview":"max-image-preview:large","max-video-preview":"max-video-preview:-1"},"canonical":"https:\/\/skaut.ee\/en\/events\/esu-noupaevad-tanuohtu-14-15-09-2024\/","og_locale":"en_US","og_type":"article","og_title":"ES\u00dc N\u00f5up\u00e4evad 14.-15.09.2024 & T\u00e4nu\u00f5htu 14.09.2024 - Skaut","og_description":"N\u00f5up\u00e4evad 2024 TOIMUMISE AEG:\u00a0N\u00f5up\u00e4evadega tahame alustada laup\u00e4eval,\u00a014. septembril, kell 11.00,\u00a0et saaksime kohvitassid t\u00e4ita. Orienteeruv l\u00f5pp p\u00fchap\u00e4eval, 15. septembri, l\u00f5unal. SIHTGRUPP:&nbsp;N\u00f5up\u00e4evadele...","og_url":"https:\/\/skaut.ee\/en\/events\/esu-noupaevad-tanuohtu-14-15-09-2024\/","og_site_name":"Skaut","article_modified_time":"2024-09-08T11:14:41+00:00","og_image":[{"width":2560,"height":1816,"url":"https:\/\/skaut.ee\/wp-content\/uploads\/2022\/10\/Untitled-design-2-1-scaled.jpg","type":"image\/jpeg"}],"twitter_card":"summary_large_image","twitter_misc":{"Est. reading time":"3 minutes"},"schema":{"@context":"https:\/\/schema.org","@graph":[{"@type":"WebPage","@id":"https:\/\/skaut.ee\/en\/events\/esu-noupaevad-tanuohtu-14-15-09-2024\/","url":"https:\/\/skaut.ee\/en\/events\/esu-noupaevad-tanuohtu-14-15-09-2024\/","name":"ES\u00dc N\u00f5up\u00e4evad 14.-15.09.2024 & T\u00e4nu\u00f5htu 14.09.2024 - Skaut","isPartOf":{"@id":"https:\/\/skaut.ee\/#website"},"primaryImageOfPage":{"@id":"https:\/\/skaut.ee\/en\/events\/esu-noupaevad-tanuohtu-14-15-09-2024\/#primaryimage"},"image":{"@id":"https:\/\/skaut.ee\/en\/events\/esu-noupaevad-tanuohtu-14-15-09-2024\/#primaryimage"},"thumbnailUrl":"https:\/\/skaut.ee\/wp-content\/uploads\/2022\/10\/Untitled-design-2-1-scaled.jpg","datePublished":"2024-08-14T16:00:48+00:00","dateModified":"2024-09-08T11:14:41+00:00","breadcrumb":{"@id":"https:\/\/skaut.ee\/en\/events\/esu-noupaevad-tanuohtu-14-15-09-2024\/#breadcrumb"},"inLanguage":"en-US","potentialAction":[{"@type":"ReadAction","target":["https:\/\/skaut.ee\/en\/events\/esu-noupaevad-tanuohtu-14-15-09-2024\/"]}]},{"@type":"ImageObject","inLanguage":"en-US","@id":"https:\/\/skaut.ee\/en\/events\/esu-noupaevad-tanuohtu-14-15-09-2024\/#primaryimage","url":"https:\/\/skaut.ee\/wp-content\/uploads\/2022\/10\/Untitled-design-2-1-scaled.jpg","contentUrl":"https:\/\/skaut.ee\/wp-content\/uploads\/2022\/10\/Untitled-design-2-1-scaled.jpg","width":2560,"height":1816},{"@type":"BreadcrumbList","@id":"https:\/\/skaut.ee\/en\/events\/esu-noupaevad-tanuohtu-14-15-09-2024\/#breadcrumb","itemListElement":[{"@type":"ListItem","position":1,"name":"Home","item":"https:\/\/skaut.ee\/en\/"},{"@type":"ListItem","position":2,"name":"\u00dcritused","item":"https:\/\/skaut.ee\/uritused\/"},{"@type":"ListItem","position":3,"name":"ES\u00dc N\u00f5up\u00e4evad 14.-15.09.2024 &#038; T\u00e4nu\u00f5htu 14.09.2024"}]},{"@type":"WebSite","@id":"https:\/\/skaut.ee\/#website","url":"https:\/\/skaut.ee\/","name":"Skaut","description":"Eesti Skautide \u00dchingu koduleht","potentialAction":[{"@type":"SearchAction","target":{"@type":"EntryPoint","urlTemplate":"https:\/\/skaut.ee\/?s={search_term_string}"},"query-input":{"@type":"PropertyValueSpecification","valueRequired":true,"valueName":"search_term_string"}}],"inLanguage":"en-US"}]}},"_links":{"self":[{"href":"https:\/\/skaut.ee\/en\/wp-json\/wp\/v2\/events\/10348","targetHints":{"allow":["GET"]}}],"collection":[{"href":"https:\/\/skaut.ee\/en\/wp-json\/wp\/v2\/events"}],"about":[{"href":"https:\/\/skaut.ee\/en\/wp-json\/wp\/v2\/types\/events"}],"author":[{"embeddable":true,"href":"https:\/\/skaut.ee\/en\/wp-json\/wp\/v2\/users\/18"}],"wp:featuredmedia":[{"embeddable":true,"href":"https:\/\/skaut.ee\/en\/wp-json\/wp\/v2\/media\/7855"}],"wp:attachment":[{"href":"https:\/\/skaut.ee\/en\/wp-json\/wp\/v2\/media?parent=10348"}],"wp:term":[{"taxonomy":"event-category","embeddable":true,"href":"https:\/\/skaut.ee\/en\/wp-json\/wp\/v2\/event-category?post=10348"}],"curies":[{"name":"wp","href":"https:\/\/api.w.org\/{rel}","templated":true}]}}